{"id":3427,"date":"2019-07-01T16:56:28","date_gmt":"2019-07-01T14:56:28","guid":{"rendered":"https:\/\/nexusinstitut.de\/about-us\/prof-dr-christiane-dienel\/"},"modified":"2026-04-14T11:54:36","modified_gmt":"2026-04-14T09:54:36","slug":"prof-dr-christiane-dienel","status":"publish","type":"page","link":"https:\/\/nexusinstitut.de\/en\/about-us\/prof-dr-christiane-dienel\/","title":{"rendered":"Prof. Dr. Christiane Dienel"},"content":{"rendered":"<div class=\"fusion-fullwidth fullwidth-box fusion-builder-row-1 fusion-flex-container nonhundred-percent-fullwidth non-hundred-percent-height-scrolling\" style=\"--awb-border-radius-top-left:0px;--awb-border-radius-top-right:0px;--awb-border-radius-bottom-right:0px;--awb-border-radius-bottom-left:0px;--awb-padding-top:5%;--awb-padding-bottom:5%;--awb-margin-bottom:0px;--awb-background-color:#f5fafa;--awb-flex-wrap:wrap;\" ><div class=\"fusion-builder-row fusion-row fusion-flex-align-items-flex-start fusion-flex-content-wrap\" style=\"max-width:1144px;margin-left: calc(-4% \/ 2 );margin-right: calc(-4% \/ 2 );\"><div class=\"fusion-layout-column fusion_builder_column fusion-builder-column-0 fusion_builder_column_1_3 1_3 fusion-flex-column\" style=\"--awb-bg-blend:overlay;--awb-bg-size:cover;--awb-width-large:33.333333333333%;--awb-margin-top-large:0px;--awb-spacing-right-large:5.76%;--awb-margin-bottom-large:20px;--awb-spacing-left-large:5.76%;--awb-width-medium:100%;--awb-spacing-right-medium:1.92%;--awb-spacing-left-medium:1.92%;--awb-width-small:100%;--awb-spacing-right-small:1.92%;--awb-spacing-left-small:1.92%;\"><div class=\"fusion-column-wrapper fusion-flex-justify-content-flex-start fusion-content-layout-column\"><div class=\"fusion-image-element \" style=\"--awb-caption-title-font-family:var(--h2_typography-font-family);--awb-caption-title-font-weight:var(--h2_typography-font-weight);--awb-caption-title-font-style:var(--h2_typography-font-style);--awb-caption-title-size:var(--h2_typography-font-size);--awb-caption-title-transform:var(--h2_typography-text-transform);--awb-caption-title-line-height:var(--h2_typography-line-height);--awb-caption-title-letter-spacing:var(--h2_typography-letter-spacing);\"><span class=\" fusion-imageframe imageframe-none imageframe-1 hover-type-none\"><img decoding=\"async\" width=\"357\" height=\"477\" title=\"Prof. Dr. Christiane Dienel\" src=\"https:\/\/nexusinstitut.de\/wp-content\/uploads\/2023\/04\/Prof.-Dr.-Christiane-Dienel_neu-e1681219362233.png\" data-orig-src=\"https:\/\/nexusinstitut.de\/wp-content\/uploads\/2023\/04\/Prof.-Dr.-Christiane-Dienel_neu-e1681219362233.png\" alt class=\"lazyload img-responsive wp-image-11616\" srcset=\"data:image\/svg+xml,%3Csvg%20xmlns%3D%27http%3A%2F%2Fwww.w3.org%2F2000%2Fsvg%27%20width%3D%27357%27%20height%3D%27477%27%20viewBox%3D%270%200%20357%20477%27%3E%3Crect%20width%3D%27357%27%20height%3D%27477%27%20fill-opacity%3D%220%22%2F%3E%3C%2Fsvg%3E\" data-srcset=\"https:\/\/nexusinstitut.de\/wp-content\/uploads\/2023\/04\/Prof.-Dr.-Christiane-Dienel_neu-e1681219362233-200x267.png 200w, https:\/\/nexusinstitut.de\/wp-content\/uploads\/2023\/04\/Prof.-Dr.-Christiane-Dienel_neu-e1681219362233.png 357w\" data-sizes=\"auto\" data-orig-sizes=\"(max-width: 1024px) 100vw, (max-width: 640px) 100vw, 357px\" \/><\/span><\/div><\/div><\/div><div class=\"fusion-layout-column fusion_builder_column fusion-builder-column-1 fusion_builder_column_2_3 2_3 fusion-flex-column\" style=\"--awb-bg-blend:overlay;--awb-bg-size:cover;--awb-width-large:66.666666666667%;--awb-margin-top-large:0px;--awb-spacing-right-large:2.88%;--awb-margin-bottom-large:20px;--awb-spacing-left-large:2.88%;--awb-width-medium:100%;--awb-spacing-right-medium:1.92%;--awb-spacing-left-medium:1.92%;--awb-width-small:100%;--awb-spacing-right-small:1.92%;--awb-spacing-left-small:1.92%;\"><div class=\"fusion-column-wrapper fusion-flex-justify-content-flex-start fusion-content-layout-column\"><div class=\"fusion-text fusion-text-1\" style=\"--awb-text-transform:none;\"><h1 class=\"entry-title\" data-fontsize=\"48\" data-lineheight=\"60\">Prof. Dr. Christiane Dienel<\/h1>\n<p>Director<br \/>\n<span class=\"LrzXr zdqRlf kno-fv\"><span data-dtype=\"d3ifr\" data-local-attribute=\"d3ph\">Tel.: +49 30 4220664-12<br \/>\nchristiane.dienel@nexusinstitut.de<\/span><\/span><\/p>\n<\/div><div class=\"fusion-separator\" style=\"align-self: flex-start;margin-right:auto;margin-top:0px;margin-bottom:5%;width:100%;max-width:80%;\"><div class=\"fusion-separator-border sep-single sep-solid\" style=\"--awb-height:20px;--awb-amount:20px;--awb-sep-color:#54e881;border-color:#54e881;border-top-width:1px;\"><\/div><\/div>\n<div class=\"fusion-text fusion-text-2\"><p>Christiane Dienel is Professor of Applied Social Sciences and Health Policy and State Secretary (retired).<\/p>\n<p>She studied History, Social Sciences, German and Slavic Studies in M\u00fcnster, Munich, Bordeaux and Paris and received her doctorate in 1992. From 1989-1992 she was a research assistant at the Institute for Modern History at the University of Munich. From 1993-1999, she worked as a consultant for the European Union and industrial countries in the State Chancellery of Brandenburg and, at the same time, as first chairwoman of the GeFam Gesellschaft f\u00fcr Familienforschung e.V., she carried out projects on comparative European social policy. In 1999, she was appointed professor for &#8220;European Politics and Society&#8221; at the University of Applied Sciences Magdeburg-Stendal (FH).<\/p>\n<p>From 2006-2009 Christiane Dienel was State Secretary in the Ministry of Health, Social Affairs and Sport of Saxony-Anhalt and from 2011-2016 President of the HAWK Hochschule f\u00fcr angewandte Wissenschaft und Kunst Hildesheim-Holzminden-G\u00f6ttingen (State University of Applied Sciences). In 2017 she was appointed Professor of Applied Social Sciences, in particular Health Policy, and Vice-President for Research and Teaching at the German University for Health and Sport Berlin-Lichtenberg (private, state-recognised university of applied sciences). Christiane Dienel is a member and chairwoman of three university councils.<\/p>\n<p>Christiane Dienel was a co-partner of nexus GmbH from 2004-2006, a member of the Scientific Advisory Board from 2006-2009, and since then has been the Scientific Director of the nexus Institute. Since 2019 she has been the full-time managing director of the nexus Institute.<\/p>\n<\/div><div class=\"fusion-separator\" style=\"align-self: flex-start;margin-right:auto;margin-top:0px;margin-bottom:5%;width:100%;max-width:80%;\"><div class=\"fusion-separator-border sep-single sep-solid\" style=\"--awb-height:20px;--awb-amount:20px;--awb-sep-color:#54e881;border-color:#54e881;border-top-width:1px;\"><\/div><\/div>\n<div class=\"fusion-text fusion-text-3\"><h2>Publications (selection)<\/h2>\n<p>Familienpolitik. Wie kommt Gesundheitsf\u00f6rderung in die Familien? In: B\u00f6hm, K., Br\u00e4unling, S., Geene, R. und K\u00f6ckler, H. (Hrsg.): Gesundheit als gesamtgesellschaftliche Aufgabe. Das Konzept Health in All Policies und seine Umsetzung in Deutschland. S. Wiesbaden: Springer VS 2020, S. 81-90. DOI: 10.1007\/978-3-658-30504-8.<\/p>\n<p>Bologna \u2013 a utopy of harmony for European higher education, Innovation: The European Journal of Social Science Research 2019, 32:4, 403-405, DOI: 10.1080\/13511610.2019.1674131.<\/p>\n<p>zusammen mit Sven Sohr: Lichtenberg als Hochschuldidaktiker \u2013 Inspirationen aus dem 18. Jahrhundert. In: Die Neue Hochschule. DNH. Ausgabe 01-2019, S. 18-21.<\/p>\n<p>zusammen mit Martin Elbe, Christian Kleber, Franz Kernic, Sibylle Peters &amp; Barbara Stephan: Gesundheit und Solidarit\u00e4t in Extremsituationen. Was geschieht, wenn die Planung versagt? Kongress Armut und Gesundheit. Berlin 2017. Kongressdokumentation: <a href=\"http:\/\/www.armut-und-gesundheit.de\/fileadmin\/user_upload\/MAIN-dateien\/Kongress_A_G\/A_G_17\/Doku_2017\/Elbe_M._et_al._103.pdf\" target=\"_blank\" rel=\"noopener noreferrer\">http:\/\/www.armut-und-gesundheit.de\/fileadmin\/user_upload\/MAIN-dateien\/Kongress_A_G\/A_G_17\/Doku_2017\/Elbe_M._et_al._103.pdf<\/a><\/p>\n<p>\u201aInternationale Sozialpolitik\u2018, in: Fachlexikon der Sozialen Arbeit. 8. Auflage. Hrsg. v. Deutschen Verein f\u00fcr \u00f6ffentliche und private F\u00fcrsorge e.V. Nomos: 2017. S. 452-553.<\/p>\n<p>mit Hartmut Karsten: Sicherheit und Gesundheit bei der Arbeit als Politikfeld in Deutschland. In: Lehrbuch Betriebliche Gesundheitsf\u00f6rderung. Hrsg. v. Gudrun Faller. Bern: Hans Huber Verlag 2010. S. 312-318. 3., vollst\u00e4ndig \u00fcberarbeitete und erweiterte Auflage 2017. S. 477-486.<\/p>\n<p>Altmark &#8211; Basilicata: Geschichten und Bilder vom Bleiben und Gehen. In: Dorothee Keppler u.a. (Hrsg.): Die B\u00fcrgerausstellung. Die Perspektive von B\u00fcrgern und B\u00fcrgerinnen als Gegenstand qualitativer Sozialforschung und praktischer Beteiligung. M\u00fcnchen: oekom verlag 2013. S. 103-130.<\/p>\n<p>zusammen mit Christine von Blanckenburg: Gutachten zum Berliner Seniorenmitwirkungsgesetz. Berlin: Friedrich-Ebert-Stiftung 2011.<\/p>\n<p>Das Verh\u00e4ltnis der Generationen im demografischen Wandel neu bestimmen. Das Generationenkolleg und die politische \u00d6ffentlichkeit. In: von Blanckenburg, Christine und Hans-Liudger Dienel (Hrsg.): Alt und Jung im Handwerk. Ausbildungspaten und intergenerationelle Verantwortung als Erfolgsfaktor f\u00fcr die berufliche Praxis. Stuttgart: Steiner Verlag 2011. S. 165-174.<\/p>\n<p>B\u00fcrgerengagement und demografischer Wandel. In: betrifft: B\u00fcrgergesellschaft 34. Berlin: Friedrich-Ebert-Stiftung 2010.<\/p>\n<p>mit Sabine Overk\u00e4mping: Der Vertrag von Lissabon und die europ\u00e4ische Sozialpolitik. In: Die Europ\u00e4ische Union nach dem Vertrag von Lissabon. Hrsg. v. Olaf Lei\u00dfe. Wiesbaden: VS Verlag f\u00fcr Sozialwissenschaften 2010. S. 176-194.<\/p>\n<p>Familienpolitik in alternden Gesellschaften. In: Eva Luber, Beatrice Hungerland: Angewandte Kindheitswissenschaften. Eine Einf\u00fchrung f\u00fcr Studium und Praxis. Weinheim und M\u00fcnchen: Juventa 2008. S. 110-133.<\/p>\n<p>Lokale B\u00fcndnisse f\u00fcr die Familie &#8211; die Erneuerung eines Politikfeldes vor Ort. In: Lilian Schwalb, Heike Walk (Hrsg.): Local Governance &#8211; mehr Transparenz und B\u00fcrgern\u00e4he? Wiesbaden: VS Verlag f\u00fcr Sozialwissenschaften 2007. S. 300-313.<\/p>\n<p>Die Betreuung \u00e4lterer Familienmitglieder im europ\u00e4ischen Vergleich \u2013 Perspektiven einer europ\u00e4ischen Politik f\u00fcr famili\u00e4re Pflege. In: Berliner Journal f\u00fcr Soziologie 3\/2007. S. 281-300.<\/p>\n<p>mit Heiner Legewie: Abwanderungskulturen in S\u00fcditalien \u2013 eine Zukunftsvision f\u00fcr Ostdeutschland? In: Fikentscher, R\u00fcdiger (Hg.); Europ\u00e4ische Gruppenkulturen \u2013 Familie, Freizeit, Rituale; Mitteldeutscher Verlag GmbH, Halle (Saale) 2006. S. 85-98.<\/p>\n<p>Pflegebed\u00fcrftigkeit als Jobmotor? Zur Zukunft der famili\u00e4ren Pflege \u00c4lterer in Europa. In: Sozial Extra 30, Januar 2006. S. 22-25.<\/p>\n<p>Vision Sachsen-Anhalt 20-xx. Zukunftsperspektiven f\u00fcr nachhaltiges staatliches Handeln. Friedrich-Ebert-Stiftung 2005.<\/p>\n<p>(Hrsg.): Abwanderung, Geburtenr\u00fcckgang und regionale Entwicklung. Ursachen und Folgen des Bev\u00f6lkerungsr\u00fcckgangs in Ostdeutschland \u2013 interdisziplin\u00e4re und vergleichende Perspektiven. Wiesbaden: VS Verlag 2005.<\/p>\n<p>Familien als Dienstleister des Sozialstaats: Die Pflege \u00e4lterer Familienmitglieder im europ\u00e4ischen Vergleich. Expertise f\u00fcr den 7. Familienbericht der Bundesregierung (50 Seiten). 2005.<\/p>\n<p>mit Antje Gerloff: Geschlechtsspezifische Besonderheiten der innerdeutschen Migration f\u00fcr Sachsen-Anhalt. In: Gender-Report Sachsen-Anhalt 2003. Daten, Fakten und Erkenntnisse zur Lebenssituation von Frauen und M\u00e4nnern. Oschersleben 2004. S. 50-67.<\/p>\n<p>Abwanderung aus Ostdeutschland \u2013 vom Wendeph\u00e4nomen zum langfristigen Trend? In: Simon, Titus\/Hufnagel, Rainer (Hrsg.): Problemfall deutsche Einheit. Interdisziplin\u00e4re Betrachtungen zu gesamtdeutschen Fragestellungen. Stuttgart: Verlag f\u00fcr Sozialwissenschaften 2004. S. 93-110.<\/p>\n<p>Eltern, Kinder und Erwerbsarbeit: Die EU als familienpolitischer Akteur. In: Wohlfahrtsstaat und Geschlechterverh\u00e4ltnis im Umbruch. Was kommt nach dem Ern\u00e4hrermodell? Jahrbuch f\u00fcr Europa- und Nordamerika-Studien. Hrsg. v. Sigrid Leitner, Ilona Ostner und Margit Schratzenstaller. Wiesbaden: VS Verlag f\u00fcr Sozialwissenschaften 2004. S. 285-307.<\/p>\n<p>Die Mutter und ihr erstes Kind. Individuelle und staatliche Arrangements im europ\u00e4ischen Vergleich. In: Zeitschrift f\u00fcr Familienforschung 2\/2003, S. 120-145.<\/p>\n<p>Auf dem Weg zu einem familienfreundlichen Europa \u2013 Nationale Pfade und gemeinsame Chancen. In: Familienpolitik im europ\u00e4ischen Kontext im 21. Jahrhundert. Chancen \u2013 Erfordernisse \u2013 Hindernisse f\u00fcr eine Berufst\u00e4tigkeit. Beitr\u00e4ge zur Europa-Woche 2003 in Sachsen-Anhalt. Halle 2003. S. 9-17.<\/p>\n<p>(zus. mit Fritz-Helmut Wisch): Visions of Europe. Europavisionen. Frankfurt am Main u.a.: Peter Lang. 2003. (=European Social Inclusion. Sozialgemeinschaft Europa. Hrsg. von Wolf Bloemers und Fritz-Helmut Wisch. Bd. 7.)<\/p>\n<p>Familienpolitik. Eine praxisorientierte Gesamtdarstellung der Handlungsfelder und Probleme. Weinheim: Juventa Verlag 2002. (=Grundlagentexte Soziale Berufe)<\/p>\n<p>(hrsg. zusammen mit Aila-Leena Matthies): Perspektiven europ\u00e4ischer Sozialarbeit. Ausbildung und Praxis im Vergleich. Magdeburg: Weinert 2001 (=Magdeburger Reihe Bd. 8).<\/p>\n<p>The individual at the crossroads of various solidarity systems. In: Modernising and improving social protection by redistributing responsibilities. Social Security Documentation. European Series No. 27. Genf 2000. S. 5-19<\/p>\n<p>auch in franz\u00f6sischer Sprache: L\u2019individu \u00e0 la crois\u00e9e des divers r\u00e9seaux de solidarit\u00e9. In: Redistribuer les responsabilit\u00e9s pour moderniser et am\u00e9liorer la protection sociale. Documentation de s\u00e9curit\u00e9 sociale. S\u00e9rie europ\u00e9enne no 27. Genf 2000. S. 5-19.<\/p>\n<p>mit Marlene Lohkamp-Himmighofen: Reconciliation policies from a comparative perspective. In: Gendered Policies in Europe. Reconciling Employment and Family Life. Ed. by Linda Hantrais. London: Macmillan Press 2000. S. 49-67.<\/p>\n<p>Europ\u00e4ische Sozialpolitik durch Sozialen Dialog \u2013 das Beispiel der EU-Elternurlaubsrichtlinie. In: WeltTrends. Zeitschrift f\u00fcr internationale Politik und Vergleichende Studien. Nummer 24. Herbst 1999. S. 117-130.<\/p>\n<p>Armut von Kindern im europ\u00e4ischen Vergleich. Strategien zu ihrer Bek\u00e4mpfung. In: J\u00fcrgen Mansel\/Georg Neubauer (Hrsg.): Armut und soziale Ungleichheit bei Kindern. Opladen: Leske und Budrich 1998. S. 200 \u2013 213.<\/p>\n<p>Frauen in F\u00fchrungspositionen in Europa. M\u00fcnchen: Juventa\/DJI Verlag Deutsches Jugendinstitut 1996. (= Internationale Texte Bd. 6).<\/p>\n<p>Kinderzahl und Staatsr\u00e4son. Empf\u00e4ngnisverh\u00fctung und Bev\u00f6lkerungspolitik in Deutschland und Frankreich bis 1918. M\u00fcnster: Westf\u00e4lisches Dampfboot 1995. (=Theorie und Geschichte der b\u00fcrgerlichen Gesellschaft 11)<\/p>\n<p>Familienpolitik und Armutsbek\u00e4mpfung in den zw\u00f6lf L\u00e4ndern der EG. In: Aus Politik und Zeitgeschichte. Beilage zur Wochenzeitung Das Parlament. B 7 &#8211; 8\/94. 18. Februar 1994. S. 22-31.<\/p>\n<\/div><\/div><\/div><\/div><\/div>\n","protected":false},"excerpt":{"rendered":"","protected":false},"author":6,"featured_media":0,"parent":3285,"menu_order":0,"comment_status":"closed","ping_status":"closed","template":"100-width.php","meta":{"footnotes":""},"class_list":["post-3427","page","type-page","status-publish","hentry"],"yoast_head":"<!-- This site is optimized with the Yoast SEO plugin v27.5 - https:\/\/yoast.com\/product\/yoast-seo-wordpress\/ -->\n<title>Prof. Dr. Christiane Dienel - Scientific Direction, Director<\/title>\n<meta name=\"description\" content=\"nexus&#039; work focuses and competences: Knowledge and Cooperation Management Mobility Research (Historical) Innovation Research\" \/>\n<meta name=\"robots\" content=\"index, follow, max-snippet:-1, max-image-preview:large, max-video-preview:-1\" \/>\n<link rel=\"canonical\" href=\"https:\/\/nexusinstitut.de\/en\/about-us\/prof-dr-christiane-dienel\/\" \/>\n<meta property=\"og:locale\" content=\"en_US\" \/>\n<meta property=\"og:type\" content=\"article\" \/>\n<meta property=\"og:title\" content=\"Prof. Dr. Christiane Dienel - Scientific Direction, Director\" \/>\n<meta property=\"og:description\" content=\"nexus&#039; work focuses and competences: Knowledge and Cooperation Management Mobility Research (Historical) Innovation Research\" \/>\n<meta property=\"og:url\" content=\"https:\/\/nexusinstitut.de\/en\/about-us\/prof-dr-christiane-dienel\/\" \/>\n<meta property=\"og:site_name\" content=\"nexus\" \/>\n<meta property=\"article:modified_time\" content=\"2026-04-14T09:54:36+00:00\" \/>\n<meta name=\"twitter:card\" content=\"summary_large_image\" \/>\n<meta name=\"twitter:label1\" content=\"Est. reading time\" \/>\n\t<meta name=\"twitter:data1\" content=\"7 minutes\" \/>\n<script type=\"application\/ld+json\" class=\"yoast-schema-graph\">{\"@context\":\"https:\\\/\\\/schema.org\",\"@graph\":[{\"@type\":\"WebPage\",\"@id\":\"https:\\\/\\\/nexusinstitut.de\\\/en\\\/about-us\\\/prof-dr-christiane-dienel\\\/\",\"url\":\"https:\\\/\\\/nexusinstitut.de\\\/en\\\/about-us\\\/prof-dr-christiane-dienel\\\/\",\"name\":\"Prof. Dr. Christiane Dienel - Scientific Direction, Director\",\"isPartOf\":{\"@id\":\"https:\\\/\\\/nexusinstitut.de\\\/en\\\/#website\"},\"datePublished\":\"2019-07-01T14:56:28+00:00\",\"dateModified\":\"2026-04-14T09:54:36+00:00\",\"description\":\"nexus' work focuses and competences: Knowledge and Cooperation Management Mobility Research (Historical) Innovation Research\",\"breadcrumb\":{\"@id\":\"https:\\\/\\\/nexusinstitut.de\\\/en\\\/about-us\\\/prof-dr-christiane-dienel\\\/#breadcrumb\"},\"inLanguage\":\"en-US\",\"potentialAction\":[{\"@type\":\"ReadAction\",\"target\":[\"https:\\\/\\\/nexusinstitut.de\\\/en\\\/about-us\\\/prof-dr-christiane-dienel\\\/\"]}]},{\"@type\":\"BreadcrumbList\",\"@id\":\"https:\\\/\\\/nexusinstitut.de\\\/en\\\/about-us\\\/prof-dr-christiane-dienel\\\/#breadcrumb\",\"itemListElement\":[{\"@type\":\"ListItem\",\"position\":1,\"name\":\"Startseite\",\"item\":\"https:\\\/\\\/nexusinstitut.de\\\/en\\\/\"},{\"@type\":\"ListItem\",\"position\":2,\"name\":\"About us\",\"item\":\"https:\\\/\\\/nexusinstitut.de\\\/en\\\/about-us\\\/\"},{\"@type\":\"ListItem\",\"position\":3,\"name\":\"Prof. Dr. Christiane Dienel\"}]},{\"@type\":\"WebSite\",\"@id\":\"https:\\\/\\\/nexusinstitut.de\\\/en\\\/#website\",\"url\":\"https:\\\/\\\/nexusinstitut.de\\\/en\\\/\",\"name\":\"nexus\",\"description\":\"Institut f\u00fcr Forschung, Beratung und Beteiligung\",\"publisher\":{\"@id\":\"https:\\\/\\\/nexusinstitut.de\\\/en\\\/#organization\"},\"potentialAction\":[{\"@type\":\"SearchAction\",\"target\":{\"@type\":\"EntryPoint\",\"urlTemplate\":\"https:\\\/\\\/nexusinstitut.de\\\/en\\\/?s={search_term_string}\"},\"query-input\":{\"@type\":\"PropertyValueSpecification\",\"valueRequired\":true,\"valueName\":\"search_term_string\"}}],\"inLanguage\":\"en-US\"},{\"@type\":\"Organization\",\"@id\":\"https:\\\/\\\/nexusinstitut.de\\\/en\\\/#organization\",\"name\":\"nexus Institut\",\"url\":\"https:\\\/\\\/nexusinstitut.de\\\/en\\\/\",\"logo\":{\"@type\":\"ImageObject\",\"inLanguage\":\"en-US\",\"@id\":\"https:\\\/\\\/nexusinstitut.de\\\/en\\\/#\\\/schema\\\/logo\\\/image\\\/\",\"url\":\"https:\\\/\\\/nexusinstitut.de\\\/wp-content\\\/uploads\\\/2019\\\/01\\\/nexus-Logo.png\",\"contentUrl\":\"https:\\\/\\\/nexusinstitut.de\\\/wp-content\\\/uploads\\\/2019\\\/01\\\/nexus-Logo.png\",\"width\":569,\"height\":278,\"caption\":\"nexus Institut\"},\"image\":{\"@id\":\"https:\\\/\\\/nexusinstitut.de\\\/en\\\/#\\\/schema\\\/logo\\\/image\\\/\"}}]}<\/script>\n<!-- \/ Yoast SEO plugin. -->","yoast_head_json":{"title":"Prof. Dr. Christiane Dienel - Scientific Direction, Director","description":"nexus' work focuses and competences: Knowledge and Cooperation Management Mobility Research (Historical) Innovation Research","robots":{"index":"index","follow":"follow","max-snippet":"max-snippet:-1","max-image-preview":"max-image-preview:large","max-video-preview":"max-video-preview:-1"},"canonical":"https:\/\/nexusinstitut.de\/en\/about-us\/prof-dr-christiane-dienel\/","og_locale":"en_US","og_type":"article","og_title":"Prof. Dr. Christiane Dienel - Scientific Direction, Director","og_description":"nexus' work focuses and competences: Knowledge and Cooperation Management Mobility Research (Historical) Innovation Research","og_url":"https:\/\/nexusinstitut.de\/en\/about-us\/prof-dr-christiane-dienel\/","og_site_name":"nexus","article_modified_time":"2026-04-14T09:54:36+00:00","twitter_card":"summary_large_image","twitter_misc":{"Est. reading time":"7 minutes"},"schema":{"@context":"https:\/\/schema.org","@graph":[{"@type":"WebPage","@id":"https:\/\/nexusinstitut.de\/en\/about-us\/prof-dr-christiane-dienel\/","url":"https:\/\/nexusinstitut.de\/en\/about-us\/prof-dr-christiane-dienel\/","name":"Prof. Dr. Christiane Dienel - Scientific Direction, Director","isPartOf":{"@id":"https:\/\/nexusinstitut.de\/en\/#website"},"datePublished":"2019-07-01T14:56:28+00:00","dateModified":"2026-04-14T09:54:36+00:00","description":"nexus' work focuses and competences: Knowledge and Cooperation Management Mobility Research (Historical) Innovation Research","breadcrumb":{"@id":"https:\/\/nexusinstitut.de\/en\/about-us\/prof-dr-christiane-dienel\/#breadcrumb"},"inLanguage":"en-US","potentialAction":[{"@type":"ReadAction","target":["https:\/\/nexusinstitut.de\/en\/about-us\/prof-dr-christiane-dienel\/"]}]},{"@type":"BreadcrumbList","@id":"https:\/\/nexusinstitut.de\/en\/about-us\/prof-dr-christiane-dienel\/#breadcrumb","itemListElement":[{"@type":"ListItem","position":1,"name":"Startseite","item":"https:\/\/nexusinstitut.de\/en\/"},{"@type":"ListItem","position":2,"name":"About us","item":"https:\/\/nexusinstitut.de\/en\/about-us\/"},{"@type":"ListItem","position":3,"name":"Prof. Dr. Christiane Dienel"}]},{"@type":"WebSite","@id":"https:\/\/nexusinstitut.de\/en\/#website","url":"https:\/\/nexusinstitut.de\/en\/","name":"nexus","description":"Institut f\u00fcr Forschung, Beratung und Beteiligung","publisher":{"@id":"https:\/\/nexusinstitut.de\/en\/#organization"},"potentialAction":[{"@type":"SearchAction","target":{"@type":"EntryPoint","urlTemplate":"https:\/\/nexusinstitut.de\/en\/?s={search_term_string}"},"query-input":{"@type":"PropertyValueSpecification","valueRequired":true,"valueName":"search_term_string"}}],"inLanguage":"en-US"},{"@type":"Organization","@id":"https:\/\/nexusinstitut.de\/en\/#organization","name":"nexus Institut","url":"https:\/\/nexusinstitut.de\/en\/","logo":{"@type":"ImageObject","inLanguage":"en-US","@id":"https:\/\/nexusinstitut.de\/en\/#\/schema\/logo\/image\/","url":"https:\/\/nexusinstitut.de\/wp-content\/uploads\/2019\/01\/nexus-Logo.png","contentUrl":"https:\/\/nexusinstitut.de\/wp-content\/uploads\/2019\/01\/nexus-Logo.png","width":569,"height":278,"caption":"nexus Institut"},"image":{"@id":"https:\/\/nexusinstitut.de\/en\/#\/schema\/logo\/image\/"}}]}},"_links":{"self":[{"href":"https:\/\/nexusinstitut.de\/en\/wp-json\/wp\/v2\/pages\/3427","targetHints":{"allow":["GET"]}}],"collection":[{"href":"https:\/\/nexusinstitut.de\/en\/wp-json\/wp\/v2\/pages"}],"about":[{"href":"https:\/\/nexusinstitut.de\/en\/wp-json\/wp\/v2\/types\/page"}],"author":[{"embeddable":true,"href":"https:\/\/nexusinstitut.de\/en\/wp-json\/wp\/v2\/users\/6"}],"replies":[{"embeddable":true,"href":"https:\/\/nexusinstitut.de\/en\/wp-json\/wp\/v2\/comments?post=3427"}],"version-history":[{"count":9,"href":"https:\/\/nexusinstitut.de\/en\/wp-json\/wp\/v2\/pages\/3427\/revisions"}],"predecessor-version":[{"id":18804,"href":"https:\/\/nexusinstitut.de\/en\/wp-json\/wp\/v2\/pages\/3427\/revisions\/18804"}],"up":[{"embeddable":true,"href":"https:\/\/nexusinstitut.de\/en\/wp-json\/wp\/v2\/pages\/3285"}],"wp:attachment":[{"href":"https:\/\/nexusinstitut.de\/en\/wp-json\/wp\/v2\/media?parent=3427"}],"curies":[{"name":"wp","href":"https:\/\/api.w.org\/{rel}","templated":true}]}}